{"id":2211563,"date":"2024-12-13T15:03:53","date_gmt":"2024-12-13T14:03:53","guid":{"rendered":"https:\/\/twelve-assistant.com\/videos\/conseils-de-pros-choisir-guitare-ampli-et-matos-essentiel-avec-le-gerant-de-guitar-maniac-et-seb\/"},"modified":"2025-12-31T09:27:39","modified_gmt":"2025-12-31T08:27:39","slug":"conseils-de-pros-choisir-guitare-ampli-et-matos-essentiel-avec-le-gerant-de-guitar-maniac-et-seb","status":"publish","type":"ta_video","link":"https:\/\/twelve-assistant.com\/en\/videos\/conseils-de-pros-choisir-guitare-ampli-et-matos-essentiel-avec-le-gerant-de-guitar-maniac-et-seb\/","title":{"rendered":"CONSEILS DE PROS : choisir GUITARE, AMPLI et MATOS ESSENTIEL avec le g\u00e9rant de GUITAR MANIAC et Seb"},"content":{"rendered":"<p>Dans ce podcast, je suis entour\u00e9 d&#8217;experts ( Jim le g\u00e9rant de Guitar Maniac et Seb, prof de guitare ) pour r\u00e9pondre \u00e0 toutes vos questions sur le choix de votre mat\u00e9riel. Guitare, ampli, accessoires&#8230; on parle de tout ! D\u00e9couvrez leurs astuces, les erreurs \u00e0 \u00e9viter, et leurs recommandations pour trouver l&#8217;\u00e9quipement parfait, quel que soit votre style ou votre budget. Un podcast \u00e0 ne pas manquer pour tous les musiciens en qu\u00eate de qualit\u00e9 !<\/p>\n<p>Jim &#8211; Guitar Maniac :<br \/>\nLa boutique en ligne : <a href=\"https:\/\/bit.ly\/GuitarManiac\" rel=\"nofollow\">https:\/\/bit.ly\/GuitarManiac<\/a><br \/>\nL&#8217;adresse de la boutique, l&#8217;instagram et les autres coordonn\u00e9es sont sur le site<\/p>\n<p>Seb (sur YouTube : @sebastien-prudhomme-asnar )<br \/>\nEnseignant de la guitare form\u00e9 au M.A.I de Nancy et C.N.R de Nice<br \/>\n(Ses formations en ligne sont disponibles ici <a href=\"https:\/\/bit.ly\/SebPrudhommeAsnarWebSite\" rel=\"nofollow\">https:\/\/bit.ly\/SebPrudhommeAsnarWebSite<\/a>)<\/p>\n<p>Lien vers la vid\u00e9o avec Alexandre Ernandez de Palf sur les p\u00e9dales d&#8217;effets : <a href=\"https:\/\/youtu.be\/BK8Wm-qAaRo\" rel=\"nofollow\">https:\/\/youtu.be\/BK8Wm-qAaRo<\/a><\/p>\n<p>## Abonne-toi &amp; Like <\/p>\n<p>## Twelve-Assistant infos :<br \/>\nLe site : <a href=\"https:\/\/bit.ly\/twelve_assistant\" rel=\"nofollow\">https:\/\/bit.ly\/twelve_assistant<\/a><br \/>\nBlog infos, Tutos, Trucs et Astuces : <a href=\"https:\/\/bit.ly\/blogdutwelve\" rel=\"nofollow\">https:\/\/bit.ly\/blogdutwelve<\/a><br \/>\nLes Tuyaux du Twelve (les cours) : <a href=\"https:\/\/bit.ly\/LesTuyauxDuTwelve\" rel=\"nofollow\">https:\/\/bit.ly\/LesTuyauxDuTwelve<\/a><br \/>\nAcc\u00e8de \u00e0 la version de d\u00e9monstration ici : <a href=\"https:\/\/bit.ly\/TwelveAssistant_demo\" rel=\"nofollow\">https:\/\/bit.ly\/TwelveAssistant_demo<\/a><\/p>\n<p>##  SUR LES RESEAUX<br \/>\nInstagram : <a href=\"https:\/\/bit.ly\/TA_instagram\" rel=\"nofollow\">https:\/\/bit.ly\/TA_instagram<\/a><br \/>\nThreads : <a href=\"https:\/\/bit.ly\/TA_threads\" rel=\"nofollow\">https:\/\/bit.ly\/TA_threads<\/a><br \/>\nFacebook : <a href=\"https:\/\/bit.ly\/TA_facebook\" rel=\"nofollow\">https:\/\/bit.ly\/TA_facebook<\/a><br \/>\nX : <a href=\"https:\/\/bit.ly\/TAtwitterlink\" rel=\"nofollow\">https:\/\/bit.ly\/TAtwitterlink<\/a><br \/>\nYoutube : <a href=\"https:\/\/bit.ly\/TA_youtube_link\" rel=\"nofollow\">https:\/\/bit.ly\/TA_youtube_link<\/a><br \/>\nSite : <a href=\"https:\/\/bit.ly\/TA_WebSite\" rel=\"nofollow\">https:\/\/bit.ly\/TA_WebSite<\/a><\/p>\n<p>## Sommaire<br \/>\n00:00 Introduction<br \/>\n00:06 Pr\u00e9sentation des invit\u00e9s<br \/>\n00:19 Comment choisir sa guitare ?<br \/>\n03:55 Les erreurs fr\u00e9quentes lors de l&#8217;achat d&#8217;une guitare<br \/>\n07:16 Diff\u00e9rence entre amateurs, amateurs \u00e9clair\u00e9s et professionnels<br \/>\n12:24 Guitares et attentes \u00e9motionnelles<br \/>\n20:39 Importance des marques reconnues pour les d\u00e9butants<br \/>\n24:42 Quizz Vrai ou Faux<br \/>\n35:39 Pourquoi un ampli est aussi important que la guitare<br \/>\n37:45 Amplis \u00e0 mod\u00e9lisation pour d\u00e9butants<br \/>\n43:01 Comment choisir un ampli adapt\u00e9 \u00e0 ses besoins<br \/>\n49:14 Amplis \u00e0 lampe vs amplis \u00e0 transistor<br \/>\n53:27 Premiers conseils pour aborder les p\u00e9dales d\u2019effets<br \/>\n58:22 Anecdotes sur les erreurs d\u2019achat les plus surprenantes<br \/>\n59:19 Comment composer un set guitare + ampli \u00e9quilibr\u00e9<br \/>\n01:00:05 Anecdotes sur les d\u00e9butants et leurs choix d&#8217;\u00e9quipement<br \/>\n01:00:53 Logiciels num\u00e9riques vs amplis traditionnels<br \/>\n01:02:24 L\u2019importance du mat\u00e9riel dans l\u2019apprentissage<br \/>\n01:04:23 Diff\u00e9rences entre guitares am\u00e9ricaines, asiatiques et japonaises<br \/>\n01:06:55 Logiciels num\u00e9riques et apprentissage technique<br \/>\n01:09:17 Conseils pour d\u00e9butants \u2013 Guitares acoustiques vs \u00e9lectriques<br \/>\n01:10:21 Quizz Bonne ou Fausse bonne id\u00e9e<br \/>\n01:20:25 Anecdotes sur les erreurs de manipulation des guitares<br \/>\n01:21:43 Importance des accessoires sous-estim\u00e9s (cordes, jacks, etc.)<br \/>\n01:23:00 Avantages des p\u00e9dales d\u2019effets vs multieffets<br \/>\n01:27:32 Accessoires n\u00e9glig\u00e9s mais essentiels pour les guitaristes<br \/>\n01:37:39 Focus sur la boutique en ligne et ses services personnalis\u00e9s<br \/>\n01:40:08 Remerciements et rappel des points cl\u00e9s de la vid\u00e9o<\/p>\n","protected":false},"excerpt":{"rendered":"<p>Dans ce podcast, je suis entour\u00e9 d&#8217;experts ( Jim le g\u00e9rant de Guitar Maniac et Seb, prof de guitare ) pour r\u00e9pondre \u00e0 toutes vos questions sur le choix de votre mat\u00e9riel. Guitare, ampli, accessoires&#8230; on parle de tout ! D\u00e9couvrez leurs astuces, les erreurs \u00e0 \u00e9viter, et leurs recommandations pour trouver l&#8217;\u00e9quipement parfait, quel [&hellip;]<\/p>\n","protected":false},"featured_media":2211564,"template":"","ta_video_category":[728,450],"ta_video_tag":[],"class_list":["post-2211563","ta_video","type-ta_video","status-publish","has-post-thumbnail","hentry","ta_video_category-podcast","ta_video_category-sebastien-prudhomme-asnar"],"acf":[],"yoast_head":"<!-- This site is optimized with the Yoast SEO plugin v27.5 - https:\/\/yoast.com\/product\/yoast-seo-wordpress\/ -->\n<title>CONSEILS DE PROS : choisir GUITARE, AMPLI et MATOS ESSENTIEL avec le g\u00e9rant de GUITAR MANIAC et Seb - Twelve Assistant<\/title>\n<meta name=\"robots\" content=\"index, follow, max-snippet:-1, max-image-preview:large, max-video-preview:-1\" \/>\n<link rel=\"canonical\" href=\"https:\/\/twelve-assistant.com\/videos\/conseils-de-pros-choisir-guitare-ampli-et-matos-essentiel-avec-le-gerant-de-guitar-maniac-et-seb\/\" \/>\n<meta property=\"og:locale\" content=\"en_US\" \/>\n<meta property=\"og:type\" content=\"article\" \/>\n<meta property=\"og:title\" content=\"CONSEILS DE PROS : choisir GUITARE, AMPLI et MATOS ESSENTIEL avec le g\u00e9rant de GUITAR MANIAC et Seb - Twelve Assistant\" \/>\n<meta property=\"og:description\" content=\"Dans ce podcast, je suis entour\u00e9 d&#8217;experts ( Jim le g\u00e9rant de Guitar Maniac et Seb, prof de guitare ) pour r\u00e9pondre \u00e0 toutes vos questions sur le choix de votre mat\u00e9riel. Guitare, ampli, accessoires&#8230; on parle de tout ! D\u00e9couvrez leurs astuces, les erreurs \u00e0 \u00e9viter, et leurs recommandations pour trouver l&#8217;\u00e9quipement parfait, quel [&hellip;]\" \/>\n<meta property=\"og:url\" content=\"https:\/\/twelve-assistant.com\/videos\/conseils-de-pros-choisir-guitare-ampli-et-matos-essentiel-avec-le-gerant-de-guitar-maniac-et-seb\/\" \/>\n<meta property=\"og:site_name\" content=\"Twelve Assistant\" \/>\n<meta property=\"article:modified_time\" content=\"2025-12-31T08:27:39+00:00\" \/>\n<meta property=\"og:image\" content=\"https:\/\/twelve-assistant.com\/wp-content\/uploads\/2024\/12\/maxresdefault-10.jpg\" \/>\n\t<meta property=\"og:image:width\" content=\"1280\" \/>\n\t<meta property=\"og:image:height\" content=\"720\" \/>\n\t<meta property=\"og:image:type\" content=\"image\/jpeg\" \/>\n<meta name=\"twitter:card\" content=\"summary_large_image\" \/>\n<meta name=\"twitter:label1\" content=\"Est. reading time\" \/>\n\t<meta name=\"twitter:data1\" content=\"2 minutes\" \/>\n<script type=\"application\/ld+json\" class=\"yoast-schema-graph\">{\"@context\":\"https:\\\/\\\/schema.org\",\"@graph\":[{\"@type\":\"WebPage\",\"@id\":\"https:\\\/\\\/twelve-assistant.com\\\/videos\\\/conseils-de-pros-choisir-guitare-ampli-et-matos-essentiel-avec-le-gerant-de-guitar-maniac-et-seb\\\/\",\"url\":\"https:\\\/\\\/twelve-assistant.com\\\/videos\\\/conseils-de-pros-choisir-guitare-ampli-et-matos-essentiel-avec-le-gerant-de-guitar-maniac-et-seb\\\/\",\"name\":\"CONSEILS DE PROS : choisir GUITARE, AMPLI et MATOS ESSENTIEL avec le g\u00e9rant de GUITAR MANIAC et Seb - Twelve Assistant\",\"isPartOf\":{\"@id\":\"https:\\\/\\\/twelve-assistant.com\\\/#website\"},\"primaryImageOfPage\":{\"@id\":\"https:\\\/\\\/twelve-assistant.com\\\/videos\\\/conseils-de-pros-choisir-guitare-ampli-et-matos-essentiel-avec-le-gerant-de-guitar-maniac-et-seb\\\/#primaryimage\"},\"image\":{\"@id\":\"https:\\\/\\\/twelve-assistant.com\\\/videos\\\/conseils-de-pros-choisir-guitare-ampli-et-matos-essentiel-avec-le-gerant-de-guitar-maniac-et-seb\\\/#primaryimage\"},\"thumbnailUrl\":\"https:\\\/\\\/twelve-assistant.com\\\/wp-content\\\/uploads\\\/2024\\\/12\\\/maxresdefault-10.jpg\",\"datePublished\":\"2024-12-13T14:03:53+00:00\",\"dateModified\":\"2025-12-31T08:27:39+00:00\",\"breadcrumb\":{\"@id\":\"https:\\\/\\\/twelve-assistant.com\\\/videos\\\/conseils-de-pros-choisir-guitare-ampli-et-matos-essentiel-avec-le-gerant-de-guitar-maniac-et-seb\\\/#breadcrumb\"},\"inLanguage\":\"en-US\",\"potentialAction\":[{\"@type\":\"ReadAction\",\"target\":[\"https:\\\/\\\/twelve-assistant.com\\\/videos\\\/conseils-de-pros-choisir-guitare-ampli-et-matos-essentiel-avec-le-gerant-de-guitar-maniac-et-seb\\\/\"]}]},{\"@type\":\"ImageObject\",\"inLanguage\":\"en-US\",\"@id\":\"https:\\\/\\\/twelve-assistant.com\\\/videos\\\/conseils-de-pros-choisir-guitare-ampli-et-matos-essentiel-avec-le-gerant-de-guitar-maniac-et-seb\\\/#primaryimage\",\"url\":\"https:\\\/\\\/twelve-assistant.com\\\/wp-content\\\/uploads\\\/2024\\\/12\\\/maxresdefault-10.jpg\",\"contentUrl\":\"https:\\\/\\\/twelve-assistant.com\\\/wp-content\\\/uploads\\\/2024\\\/12\\\/maxresdefault-10.jpg\",\"width\":1280,\"height\":720},{\"@type\":\"BreadcrumbList\",\"@id\":\"https:\\\/\\\/twelve-assistant.com\\\/videos\\\/conseils-de-pros-choisir-guitare-ampli-et-matos-essentiel-avec-le-gerant-de-guitar-maniac-et-seb\\\/#breadcrumb\",\"itemListElement\":[{\"@type\":\"ListItem\",\"position\":1,\"name\":\"Accueil\",\"item\":\"https:\\\/\\\/twelve-assistant.com\\\/en\\\/\"},{\"@type\":\"ListItem\",\"position\":2,\"name\":\"Vid\u00e9os\",\"item\":\"https:\\\/\\\/twelve-assistant.com\\\/videos\\\/\"},{\"@type\":\"ListItem\",\"position\":3,\"name\":\"CONSEILS DE PROS : choisir GUITARE, AMPLI et MATOS ESSENTIEL avec le g\u00e9rant de GUITAR MANIAC et Seb\"}]},{\"@type\":\"WebSite\",\"@id\":\"https:\\\/\\\/twelve-assistant.com\\\/#website\",\"url\":\"https:\\\/\\\/twelve-assistant.com\\\/\",\"name\":\"Twelve Assistant\",\"description\":\"L&#039;assistant du guitariste\",\"publisher\":{\"@id\":\"https:\\\/\\\/twelve-assistant.com\\\/#organization\"},\"potentialAction\":[{\"@type\":\"SearchAction\",\"target\":{\"@type\":\"EntryPoint\",\"urlTemplate\":\"https:\\\/\\\/twelve-assistant.com\\\/?s={search_term_string}\"},\"query-input\":{\"@type\":\"PropertyValueSpecification\",\"valueRequired\":true,\"valueName\":\"search_term_string\"}}],\"inLanguage\":\"en-US\"},{\"@type\":\"Organization\",\"@id\":\"https:\\\/\\\/twelve-assistant.com\\\/#organization\",\"name\":\"Twelve-Assistant\",\"url\":\"https:\\\/\\\/twelve-assistant.com\\\/\",\"logo\":{\"@type\":\"ImageObject\",\"inLanguage\":\"en-US\",\"@id\":\"https:\\\/\\\/twelve-assistant.com\\\/#\\\/schema\\\/logo\\\/image\\\/\",\"url\":\"https:\\\/\\\/twelve-assistant.com\\\/wp-content\\\/uploads\\\/2021\\\/03\\\/twelvelogo-black.png\",\"contentUrl\":\"https:\\\/\\\/twelve-assistant.com\\\/wp-content\\\/uploads\\\/2021\\\/03\\\/twelvelogo-black.png\",\"width\":596,\"height\":541,\"caption\":\"Twelve-Assistant\"},\"image\":{\"@id\":\"https:\\\/\\\/twelve-assistant.com\\\/#\\\/schema\\\/logo\\\/image\\\/\"}}]}<\/script>\n<!-- \/ Yoast SEO plugin. -->","yoast_head_json":{"title":"CONSEILS DE PROS : choisir GUITARE, AMPLI et MATOS ESSENTIEL avec le g\u00e9rant de GUITAR MANIAC et Seb - Twelve Assistant","robots":{"index":"index","follow":"follow","max-snippet":"max-snippet:-1","max-image-preview":"max-image-preview:large","max-video-preview":"max-video-preview:-1"},"canonical":"https:\/\/twelve-assistant.com\/videos\/conseils-de-pros-choisir-guitare-ampli-et-matos-essentiel-avec-le-gerant-de-guitar-maniac-et-seb\/","og_locale":"en_US","og_type":"article","og_title":"CONSEILS DE PROS : choisir GUITARE, AMPLI et MATOS ESSENTIEL avec le g\u00e9rant de GUITAR MANIAC et Seb - Twelve Assistant","og_description":"Dans ce podcast, je suis entour\u00e9 d&#8217;experts ( Jim le g\u00e9rant de Guitar Maniac et Seb, prof de guitare ) pour r\u00e9pondre \u00e0 toutes vos questions sur le choix de votre mat\u00e9riel. Guitare, ampli, accessoires&#8230; on parle de tout ! D\u00e9couvrez leurs astuces, les erreurs \u00e0 \u00e9viter, et leurs recommandations pour trouver l&#8217;\u00e9quipement parfait, quel [&hellip;]","og_url":"https:\/\/twelve-assistant.com\/videos\/conseils-de-pros-choisir-guitare-ampli-et-matos-essentiel-avec-le-gerant-de-guitar-maniac-et-seb\/","og_site_name":"Twelve Assistant","article_modified_time":"2025-12-31T08:27:39+00:00","og_image":[{"width":1280,"height":720,"url":"https:\/\/twelve-assistant.com\/wp-content\/uploads\/2024\/12\/maxresdefault-10.jpg","type":"image\/jpeg"}],"twitter_card":"summary_large_image","twitter_misc":{"Est. reading time":"2 minutes"},"schema":{"@context":"https:\/\/schema.org","@graph":[{"@type":"WebPage","@id":"https:\/\/twelve-assistant.com\/videos\/conseils-de-pros-choisir-guitare-ampli-et-matos-essentiel-avec-le-gerant-de-guitar-maniac-et-seb\/","url":"https:\/\/twelve-assistant.com\/videos\/conseils-de-pros-choisir-guitare-ampli-et-matos-essentiel-avec-le-gerant-de-guitar-maniac-et-seb\/","name":"CONSEILS DE PROS : choisir GUITARE, AMPLI et MATOS ESSENTIEL avec le g\u00e9rant de GUITAR MANIAC et Seb - Twelve Assistant","isPartOf":{"@id":"https:\/\/twelve-assistant.com\/#website"},"primaryImageOfPage":{"@id":"https:\/\/twelve-assistant.com\/videos\/conseils-de-pros-choisir-guitare-ampli-et-matos-essentiel-avec-le-gerant-de-guitar-maniac-et-seb\/#primaryimage"},"image":{"@id":"https:\/\/twelve-assistant.com\/videos\/conseils-de-pros-choisir-guitare-ampli-et-matos-essentiel-avec-le-gerant-de-guitar-maniac-et-seb\/#primaryimage"},"thumbnailUrl":"https:\/\/twelve-assistant.com\/wp-content\/uploads\/2024\/12\/maxresdefault-10.jpg","datePublished":"2024-12-13T14:03:53+00:00","dateModified":"2025-12-31T08:27:39+00:00","breadcrumb":{"@id":"https:\/\/twelve-assistant.com\/videos\/conseils-de-pros-choisir-guitare-ampli-et-matos-essentiel-avec-le-gerant-de-guitar-maniac-et-seb\/#breadcrumb"},"inLanguage":"en-US","potentialAction":[{"@type":"ReadAction","target":["https:\/\/twelve-assistant.com\/videos\/conseils-de-pros-choisir-guitare-ampli-et-matos-essentiel-avec-le-gerant-de-guitar-maniac-et-seb\/"]}]},{"@type":"ImageObject","inLanguage":"en-US","@id":"https:\/\/twelve-assistant.com\/videos\/conseils-de-pros-choisir-guitare-ampli-et-matos-essentiel-avec-le-gerant-de-guitar-maniac-et-seb\/#primaryimage","url":"https:\/\/twelve-assistant.com\/wp-content\/uploads\/2024\/12\/maxresdefault-10.jpg","contentUrl":"https:\/\/twelve-assistant.com\/wp-content\/uploads\/2024\/12\/maxresdefault-10.jpg","width":1280,"height":720},{"@type":"BreadcrumbList","@id":"https:\/\/twelve-assistant.com\/videos\/conseils-de-pros-choisir-guitare-ampli-et-matos-essentiel-avec-le-gerant-de-guitar-maniac-et-seb\/#breadcrumb","itemListElement":[{"@type":"ListItem","position":1,"name":"Accueil","item":"https:\/\/twelve-assistant.com\/en\/"},{"@type":"ListItem","position":2,"name":"Vid\u00e9os","item":"https:\/\/twelve-assistant.com\/videos\/"},{"@type":"ListItem","position":3,"name":"CONSEILS DE PROS : choisir GUITARE, AMPLI et MATOS ESSENTIEL avec le g\u00e9rant de GUITAR MANIAC et Seb"}]},{"@type":"WebSite","@id":"https:\/\/twelve-assistant.com\/#website","url":"https:\/\/twelve-assistant.com\/","name":"Twelve Assistant","description":"L&#039;assistant du guitariste","publisher":{"@id":"https:\/\/twelve-assistant.com\/#organization"},"potentialAction":[{"@type":"SearchAction","target":{"@type":"EntryPoint","urlTemplate":"https:\/\/twelve-assistant.com\/?s={search_term_string}"},"query-input":{"@type":"PropertyValueSpecification","valueRequired":true,"valueName":"search_term_string"}}],"inLanguage":"en-US"},{"@type":"Organization","@id":"https:\/\/twelve-assistant.com\/#organization","name":"Twelve-Assistant","url":"https:\/\/twelve-assistant.com\/","logo":{"@type":"ImageObject","inLanguage":"en-US","@id":"https:\/\/twelve-assistant.com\/#\/schema\/logo\/image\/","url":"https:\/\/twelve-assistant.com\/wp-content\/uploads\/2021\/03\/twelvelogo-black.png","contentUrl":"https:\/\/twelve-assistant.com\/wp-content\/uploads\/2021\/03\/twelvelogo-black.png","width":596,"height":541,"caption":"Twelve-Assistant"},"image":{"@id":"https:\/\/twelve-assistant.com\/#\/schema\/logo\/image\/"}}]}},"_links":{"self":[{"href":"https:\/\/twelve-assistant.com\/en\/wp-json\/wp\/v2\/ta_video\/2211563","targetHints":{"allow":["GET"]}}],"collection":[{"href":"https:\/\/twelve-assistant.com\/en\/wp-json\/wp\/v2\/ta_video"}],"about":[{"href":"https:\/\/twelve-assistant.com\/en\/wp-json\/wp\/v2\/types\/ta_video"}],"wp:featuredmedia":[{"embeddable":true,"href":"https:\/\/twelve-assistant.com\/en\/wp-json\/wp\/v2\/media\/2211564"}],"wp:attachment":[{"href":"https:\/\/twelve-assistant.com\/en\/wp-json\/wp\/v2\/media?parent=2211563"}],"wp:term":[{"taxonomy":"ta_video_category","embeddable":true,"href":"https:\/\/twelve-assistant.com\/en\/wp-json\/wp\/v2\/ta_video_category?post=2211563"},{"taxonomy":"ta_video_tag","embeddable":true,"href":"https:\/\/twelve-assistant.com\/en\/wp-json\/wp\/v2\/ta_video_tag?post=2211563"}],"curies":[{"name":"wp","href":"https:\/\/api.w.org\/{rel}","templated":true}]}}